{"id":203,"date":"2012-12-28T12:59:45","date_gmt":"2012-12-28T12:59:45","guid":{"rendered":"http:\/\/www.projet-decroissance.net\/?page_id=203"},"modified":"2012-12-28T12:59:45","modified_gmt":"2012-12-28T12:59:45","slug":"la-saloperie-que-nous-nacheterons-pas","status":"publish","type":"page","link":"http:\/\/www.projet-decroissance.net\/?page_id=203","title":{"rendered":"\u00ab La saloperie que nous n\u2019ach\u00e8terons pas \u00bb (*)"},"content":{"rendered":"<p><img loading=\"lazy\" decoding=\"async\" class=\"alignleft\" src=\"http:\/\/decroissance.lehavre.free.fr\/casseurspub.jpg\" alt=\"\" width=\"183\" height=\"48\" \/><strong>Qui aurait cru que le Parti Pour La D\u00e9croissance allait se fendre d\u2019un communiqu\u00e9 affirmant son ind\u00e9pendance avec le mensuel \u00ab La D\u00e9croissance \u00bb ? <\/strong>Eh bien voil\u00e0, en ce d\u00e9but d\u2019ann\u00e9e 2012, c\u2019est fait !<\/p>\n<p><strong>Et pourtant, l\u2019histoire commen\u00e7ait bien<\/strong>. Quelle bouff\u00e9e d\u2019oxyg\u00e8ne que ce premier num\u00e9ro de mars 2004 (n\u00b0 20 des casseurs de pub). Facilement disponible dans les kiosques, nous d\u00e9couvrions un nouveau p\u00e9riodique mettant en coh\u00e9rence toutes les &#8230; incoh\u00e9rences de notre soci\u00e9t\u00e9. Le soulagement ! Gr\u00e2ce \u00e0 son format accessible \u00e0 tous, \u00ab la D\u00e9croissance \u00bb devenait la r\u00e9f\u00e9rence en mati\u00e8re de critique de la soci\u00e9t\u00e9 consum\u00e9riste, productiviste et capitaliste : d\u00e9montage en r\u00e8gle de ses instruments (la pub, le cr\u00e9dit, l\u2019obsolescence, etc.), d\u00e9corticage de ses cons\u00e9quences sur l\u2019environnement et le bien-vivre, d\u00e9nonciation de l\u2019amplification croissante des in\u00e9galit\u00e9s sociales. Enfin ! Nous comprenions le monde&#8230; pour mieux le changer. Le \u00ab journal de la joie de vivre \u00bb \u00e9tait devenu, en France, le porte-drapeau du mouvement naissant de la D\u00e9croissance.<\/p>\n<p><strong>Aujourd\u2019hui, la situation a bien chang\u00e9.<\/strong> Un grand nombre d\u2019Objecteurs de Croissance (OC) affich\u00e9s ne partagent plus ses positions et ses m\u00e9thodes. Cette r\u00e9alit\u00e9 n\u2019est pas tr\u00e8s visible (1), et pour cause.<!--more--> Contrairement \u00e0 ce qu\u2019il stipule dans sa propre charte (2), le mensuel a tendance \u00e0 user de son nom g\u00e9n\u00e9rique pour amener \u00e0 croire qu\u2019il fait consensus au sein de l\u2019Objection de Croissance. Certes, le mensuel a sa libert\u00e9 d\u2019expression. Mais, par le biais de certains artifices, cette libert\u00e9 masque une prise de pouvoir, un penchant \u00e0 s\u2019exprimer\u2026 au nom des autres. Nombreux sont les OC qui appr\u00e9cient peu de se faire pr\u00eater certaines prises de positions, et encore plus d\u2019avoir \u00e0 y r\u00e9pondre. En effet, on leur demande souvent de se justifier par rapport \u00e0 des id\u00e9es \u00e9nonc\u00e9es dans \u00ab La D\u00e9croissance \u00bb, id\u00e9es qu\u2019on leur reproche alors qu\u2019ils n&rsquo;en sont en rien responsables.<\/p>\n<p>Cette tentation d\u2019occuper le devant de la sc\u00e8ne et de minimiser la multiplicit\u00e9 des points de vue dans l\u2019objection de croissance, s\u2019inscrit dans une posture autoritaire globale du journal. En ce qui concerne le fond des id\u00e9es propos\u00e9es, ce qui saute aux yeux, c&rsquo;est cette attitude dogmatique qui consiste \u00e0 syst\u00e9matiquement rejeter en bloc tout ce qui n\u2019est pas dans la ligne. La plupart des OC ne se retrouve pas dans cette posture. Pour autant, ils ne sont pas moins int\u00e8gres et radicaux sur le fond, mais ils privil\u00e9gient plut\u00f4t l\u2019ouverture et le dialogue, avec la pr\u00e9occupation d\u2019atteindre un jour la masse critique qui fera pencher la balance du bon c\u00f4t\u00e9 (3).<\/p>\n<p>De plus, la ligne du journal n\u2019est pas propos\u00e9e mais impos\u00e9e au moyen de techniques de communication relevant davantage de la manipulation que du vrai d\u00e9bat d\u00e9mocratique. Les OC qui ne s\u2019inscrivent pas dans la ligne d\u00e9fendue en prennent pour leur grade. Le mensuel n\u2019a aucun scrupule \u00e0 leur tendre des pi\u00e8ges, puis \u00e0 d\u00e9former, caricaturer, d\u00e9tourner ou fractionner leurs propos. Quand il fait mine de leur donner la parole, c\u2019est dans le but de donner du cr\u00e9dit \u00e0 sa propre opinion. Au final, il fait lui-m\u00eame du \u00ab Roland Frinjo \u00bb (4). C\u2019est ainsi que la bande dessin\u00e9e \u00ab Stef le d\u00e9croissant \u00bb se retrouve truff\u00e9e de sous-entendus visant \u00e0 donner des le\u00e7ons \u00e0 tous ces OC qui n\u2019auraient rien compris \u00e0 la D\u00e9croissance.<\/p>\n<p><strong>Le journal exacerbe des conflits \u00e0 l\u2019int\u00e9rieur du milieu de la D\u00e9croissance<\/strong>, ce qui contraste avec un titre au singulier faisant ressortir une homog\u00e9n\u00e9it\u00e9 du mouvement. Il en r\u00e9sulte pour le n\u00e9ophyte un certain flou\u2026 renforc\u00e9 par la malhonn\u00eatet\u00e9 de l\u2019affichage politique. Apr\u00e8s avoir cr\u00e9\u00e9 le Parti Pour La D\u00e9croissance (PPLD) en 2005, qui lui a \u00e9chapp\u00e9 en 2008, Vincent Cheynet, directeur de la publication et r\u00e9dacteur en chef, fonde le Parti des Objecteurs de Croissance (POC) en 2010 (association loi 1901). Rien de condamnable en soi. Si ce n\u2019est qu\u2019il affiche dans son journal une neutralit\u00e9 et une position d\u2019observateur, alors qu\u2019il est totalement partie prenante, en tant que membre fondateur du POC. Ceci implique des prises de positions marqu\u00e9es. Ainsi, il est contre le revenu universel et toutes les propositions construites autour de l\u2019extension de la sph\u00e8re de la gratuit\u00e9 (9). Il croit \u00e0 une prise r\u00e9publicaine du pouvoir pr\u00e9alable au changement. Il pr\u00e9f\u00e8re soutenir les initiatives \u00e9lectorales individuelles, plut\u00f4t que les d\u00e9marches de constructions collectives de longue haleine, qui respectent la diversit\u00e9 de l\u2019objection de croissance. C\u2019est son droit, sauf qu\u2019il a la f\u00e2cheuse habitude de mettre sa casquette de journaliste pour donner une image \u00ab collective \u00bb \u00e0 des d\u00e9cisions qu\u2019il a prises unilat\u00e9ralement. Il profite de cette casquette pour publier des articles \u00e0 charge contre les mouvements d\u2019Objecteurs de Croissance dont il ne partage ni le but ni la m\u00e9thode (5 &#8211; 7). Vincent Cheynet ne fait m\u00eame plus l\u2019effort d\u2019aller \u00e0 la rencontre des OC qui ne partagent pas ses id\u00e9es. Pour lui, ce sont des irresponsables qui mettent en danger la D\u00e9croissance.<\/p>\n<p><strong>Ce n\u2019\u00e9tait peut-\u00eatre pas la peine d\u2019en rajouter,<\/strong> en affichant notre opposition. La question s\u2019est pos\u00e9e. Mais la mani\u00e8re dont le mensuel v\u00e9hicule l\u2019image de l\u2019Objection de Croissance est dat\u00e9e. Elle para\u00eet d\u00e9sormais contre-productive. Le mot \u00ab D\u00e9croissance \u00bb joue son r\u00f4le de mot obus ; il n&rsquo;est n\u00e9cessaire de ne pas en rajouter dans la forme. Par son attitude, d\u00e9courageante envers les OC, et repoussoir envers le grand public, le mensuel nous condamne \u00e0 rester une minorit\u00e9 \u00e0 \u00ab avoir raison entre-soi contre tous les autres \u00bb ? Et finalement il freine l\u2019\u00e9mancipation d\u2019un mouvement qui serait capable d\u2019essaimer dans toute la soci\u00e9t\u00e9 (6 &#8211; 8). Le PPLD ne veut plus avoir \u00e0 assumer les responsabilit\u00e9s d\u2019un mensuel dont il ne partage plus certaines positions essentielles. Il ne veut plus souffrir de l\u2019amalgame entre PPLD et \u00ab La D\u00e9croissance \u00bb.<\/p>\n<p>De l\u00e0 \u00e0 dire que \u00ab La d\u00e9croissance \u00bb est \u00ab la saloperie qu\u2019on nous n\u2019ach\u00e8terons pas ce mois-ci \u00bb (*) &#8230;<\/p>\n<p style=\"text-align: center;\"><img loading=\"lazy\" decoding=\"async\" src=\"..\/wp-content\/uploads\/2008\/12\/logo-ppld.gif\" alt=\"http:\/\/www.partipourladecroissance.net\/wp-content\/uploads\/2008\/12\/logo-ppld.gif\" width=\"118\" height=\"68\" \/><\/p>\n<p style=\"text-align: left;\">(*) \u00ab La saloperie que nous n\u2019ach\u00e8terons pas \u00bb est le nom d&rsquo;une rubrique phare du mensuel<br \/>\n(1) \u00ab\u00a0Les marmites de la D\u00e9croissance en \u00e9bullition\u00a0\u00bb <a href=\"..\/?p=6383\" target=\"_blank\">http:\/\/www.<wbr>partipourladecroissance.net\/?<wbr>p=6383<\/wbr><\/wbr><\/a><br \/>\n(2) <a href=\"http:\/\/www.ladecroissance.net\/?chemin=charte\" target=\"_blank\">http:\/\/www.ladecroissance.net\/<wbr>?chemin=charte<\/wbr><\/a><br \/>\n(3) \u00ab\u00a0Plate-forme de convergence propos\u00e9e par l\u2019AdOC\u00a0\u00bb <a href=\"..\/?page_id=4708\" target=\"_blank\">http:\/\/www.<wbr>partipourladecroissance.net\/?<wbr>page_id=4708<\/wbr><\/wbr><\/a><br \/>\n(4) <a href=\"http:\/\/www.ladecroissance.net\/index.php?chemin=textes\/frinjo\" target=\"_blank\">http:\/\/www.ladecroissance.net\/<wbr>index.php?chemin=textes\/frinjo<\/wbr><\/a><br \/>\n(5) L&rsquo;appel D\u00e9croissance\u00a0\u00bb 2012 <a href=\"http:\/\/decroissance2012.fr\/?page_id=82\" target=\"_blank\">decroissance2012.fr\/?page_id=<wbr>82<\/wbr><\/a><br \/>\n(6) \u00ab\u00a0La d\u00e9croissance sera-t-elle autoritaire ?\u00a0\u00bb <a href=\"..\/?p=5008\" target=\"_blank\">http:\/\/www.<wbr>partipourladecroissance.net\/?<wbr>p=5008<\/wbr><\/wbr><\/a><br \/>\n(7) \u00ab\u00a0Soutien de Paul Ari\u00e8s \u00e0 la campagne D\u00e9croissance\u00a0\u00bb 2012 : <a href=\"http:\/\/www.decroissance2012.fr\/?p=189\" target=\"_blank\">http:\/\/www.decroissance2012.<wbr>fr\/?p=189<\/wbr><\/a><br \/>\n(8) \u00ab\u00a0Les Objecteurs de Croissance se dotent d\u2019un outil commun de financement\u00a0\u00bb <a href=\"http:\/\/www.partipourladecroissance.net\/?p=6693\">http:\/\/www.partipourladecroissance.net\/?p=6693<\/a><br \/>\n(9) \u00ab\u00a0La r\u00e9volution par la gratuit\u00e9 (Paul Ari\u00e8s)\u00a0\u00bb <a href=\"..\/?p=6622\" target=\"_blank\">http:\/\/www.<wbr>partipourladecroissance.net\/?<wbr>p=6622<\/wbr><\/wbr><\/a><\/p>\n","protected":false},"excerpt":{"rendered":"<p>Qui aurait cru que le Parti Pour La D\u00e9croissance allait se fendre d\u2019un communiqu\u00e9 affirmant son ind\u00e9pendance avec le mensuel \u00ab La D\u00e9croissance \u00bb ? Eh bien voil\u00e0, en ce d\u00e9but d\u2019ann\u00e9e 2012, c\u2019est fait ! Et pourtant, l\u2019histoire commen\u00e7ait &hellip; <a href=\"http:\/\/www.projet-decroissance.net\/?page_id=203\">Continuer la lecture <span class=\"meta-nav\">&rarr;<\/span><\/a><\/p>\n","protected":false},"author":2,"featured_media":0,"parent":0,"menu_order":0,"comment_status":"closed","ping_status":"open","template":"","meta":{"footnotes":""},"class_list":["post-203","page","type-page","status-publish","hentry"],"_links":{"self":[{"href":"http:\/\/www.projet-decroissance.net\/index.php?rest_route=\/wp\/v2\/pages\/203","targetHints":{"allow":["GET"]}}],"collection":[{"href":"http:\/\/www.projet-decroissance.net\/index.php?rest_route=\/wp\/v2\/pages"}],"about":[{"href":"http:\/\/www.projet-decroissance.net\/index.php?rest_route=\/wp\/v2\/types\/page"}],"author":[{"embeddable":true,"href":"http:\/\/www.projet-decroissance.net\/index.php?rest_route=\/wp\/v2\/users\/2"}],"replies":[{"embeddable":true,"href":"http:\/\/www.projet-decroissance.net\/index.php?rest_route=%2Fwp%2Fv2%2Fcomments&post=203"}],"version-history":[{"count":2,"href":"http:\/\/www.projet-decroissance.net\/index.php?rest_route=\/wp\/v2\/pages\/203\/revisions"}],"predecessor-version":[{"id":272,"href":"http:\/\/www.projet-decroissance.net\/index.php?rest_route=\/wp\/v2\/pages\/203\/revisions\/272"}],"wp:attachment":[{"href":"http:\/\/www.projet-decroissance.net\/index.php?rest_route=%2Fwp%2Fv2%2Fmedia&parent=203"}],"curies":[{"name":"wp","href":"https:\/\/api.w.org\/{rel}","templated":true}]}}