{"id":28,"date":"2012-12-25T07:00:42","date_gmt":"2012-12-25T07:00:42","guid":{"rendered":"http:\/\/www.projet-decroissance.net\/?page_id=28"},"modified":"2020-03-26T19:19:46","modified_gmt":"2020-03-26T19:19:46","slug":"vincent-liegey","status":"publish","type":"page","link":"http:\/\/www.projet-decroissance.net\/?page_id=28","title":{"rendered":"Vincent Liegey"},"content":{"rendered":"<p><a href=\"http:\/\/www.projet-decroissance.net\/?attachment_id=2221\" rel=\"attachment wp-att-2221\"><img loading=\"lazy\" decoding=\"async\" class=\"wp-image-2221 alignleft\" src=\"http:\/\/www.projet-decroissance.net\/wp-content\/uploads\/2012\/12\/Vincent-Liegey.jpg\" alt=\"vincent-liegey\" width=\"389\" height=\"259\" srcset=\"http:\/\/www.projet-decroissance.net\/wp-content\/uploads\/2012\/12\/Vincent-Liegey.jpg 5184w, http:\/\/www.projet-decroissance.net\/wp-content\/uploads\/2012\/12\/Vincent-Liegey-300x200.jpg 300w, http:\/\/www.projet-decroissance.net\/wp-content\/uploads\/2012\/12\/Vincent-Liegey-768x512.jpg 768w, http:\/\/www.projet-decroissance.net\/wp-content\/uploads\/2012\/12\/Vincent-Liegey-1024x683.jpg 1024w\" sizes=\"auto, (max-width: 389px) 100vw, 389px\" \/><\/a>Dipl\u00f4m\u00e9 ing\u00e9nieur g\u00e9n\u00e9raliste, <a href=\"https:\/\/fr.wikipedia.org\/wiki\/Vincent_Liegey\">Vincent Liegey<\/a> a travaill\u00e9 dans la recherche \u00e0 la Nouvelle Orl\u00e9ans, dans la diplomatie et les coop\u00e9rations \u00e0 l&rsquo;Ambassade de France en Hongrie, il a aussi \u00e9t\u00e9 cadre s\u00e9curit\u00e9 ferroviaire \u00e0 la gare de Paris Austerlitz.<\/p>\n<p>Il rejoint le <a href=\"http:\/\/www.partipourladecroissance.net\/?page_id=7567\" target=\"_blank\" rel=\"noopener noreferrer\">Parti Pour La D\u00e9croissance<\/a> en 2008 et devient l&rsquo;un des porte-parole nationaux. La m\u00eame ann\u00e9e, il r\u00e9alise le documentaire <a href=\"https:\/\/vimeo.com\/14288450\" target=\"_blank\" rel=\"noopener noreferrer\"><em>Hommage \u00e0 Nicholas Georgescu-Roegen<\/em><\/a> et, avec Paul Ari\u00e8s, lance l&rsquo;appel Europe-D\u00e9croissance.<\/p>\n<p>Il est le co-auteur d&rsquo;<a href=\"https:\/\/www.lemonde.fr\/economie\/article\/2013\/03\/11\/la-decroissance-mode-d-emploi_1845977_3234.html\" target=\"_blank\" rel=\"noopener noreferrer\"><em>Un Projet de D\u00e9croissance<\/em><\/a> (Utopia, 2013), aussi publi\u00e9 dans plusieurs langues (espagnol, hongrois, bulgare, slov\u00e8ne).\u00a0Essayiste, il publie r\u00e9guli\u00e8rement des articles, des chroniques ou des interview. Conf\u00e9rencier, il intervient sur la D\u00e9croissance un peu partout en Europe\u00a0aussi bien dans des universit\u00e9s, des instituts de recherches ou politiques que des lieux alternatifs avec pas moins de 300 interventions. Chercheur et consultant, il participe et contribue \u00e0 plusieurs projets de recherche autour de la D\u00e9croissance et de la transition (revenu de base et dotation inconditionnelle d&rsquo;autonomie, revenu maximum acceptable, d\u00e9mocratie directe, r\u00e9-encastrement de l&rsquo;\u00e9conomie, syst\u00e8me \u00e9conomiques alternatifs (monnaies locales, ventes directes, \u00e9conomie de r\u00e9ciprocit\u00e9), transition, \u00e9tudes prospectives, low-tech, critique du travail, la relocalisation ouverte, etc.).<\/p>\n<p><a href=\"http:\/\/www.projet-decroissance.net\/wp-content\/uploads\/2013\/04\/budapest-liegey-vincent-decroissance-projet.jpg\"><img loading=\"lazy\" decoding=\"async\" class=\"alignright\" src=\"http:\/\/www.projet-decroissance.net\/wp-content\/uploads\/2013\/04\/budapest-liegey-vincent-decroissance-projet.jpg\" alt=\"budapest liegey vincent decroissance projet\" width=\"309\" height=\"267\" \/><\/a>Il habite aujourd&rsquo;hui \u00e0 Budapest o\u00f9 il a coordonn\u00e9\u00a0l&rsquo;organisation de la cinqui\u00e8me\u00a0<a href=\"https:\/\/comptoir.org\/2016\/11\/30\/bienvenue-en-decroissance\/\" target=\"_blank\" rel=\"noopener noreferrer\">conf\u00e9rence internationale de la D\u00e9croissance<\/a> et co-anime\u00a0<a href=\"https:\/\/wecan-beheroes.org\/2018\/04\/17\/la-decroissance-avec-vincent\/\" target=\"_blank\" rel=\"noopener noreferrer\">Cargonomia,\u00a0centre logistique de distribution de nourriture locale et bio, au moyen de v\u00e9los cargos construits sur place de fa\u00e7on artisanale<\/a>.<\/p>\n<p>Contact personnel : v.liegey @ gmail.com<br \/>\n<a href=\"http:\/\/www.facebook.com\/vincent.liegey\" target=\"_blank\" rel=\"noopener noreferrer\">Facebook<\/a>\u00a0&#8211; <a href=\"https:\/\/twitter.com\/VinczeDegrowth\" target=\"_blank\" rel=\"noopener noreferrer\">Twitter<\/a><\/p>\n<p><strong>Interviews :<\/strong><\/p>\n<ul>\n<li>Retrouver ses <a href=\"http:\/\/www.reporterre.net\/+-Chroniques-de-Vincent-Liegey-+\" target=\"_blank\" rel=\"noopener noreferrer\">chroniques mensuelles sur Reporterre<\/a>.<\/li>\n<li><a href=\"http:\/\/www.projet-decroissance.net\/?p=943\" target=\"_blank\" rel=\"noopener noreferrer\">Lib\u00e9ration<\/a>\u00a0: \u00abOn ne peut plus cro\u00eetre dans un monde fini\u00bb<\/li>\n<li><a href=\"http:\/\/www.projet-decroissance.net\/?p=2196\" rel=\"bookmark\">Revue Ballast : \u00ab Avoir raison tout seul, c\u2019est avoir tort \u00bb<\/a><\/li>\n<li><a href=\"http:\/\/www.partipourladecroissance.net\/wp-content\/uploads\/2009\/12\/Vincent-Liegey-Le-Monde.jpg\" target=\"_blank\" rel=\"noopener noreferrer\">Le Monde \u2013 Bilan Plan\u00e8te 2009 : Vincent Liegey, inlassable d\u00e9croissant<\/a><\/li>\n<li><a href=\"http:\/\/www.projet-decroissance.net\/?p=860\" target=\"_blank\" rel=\"noopener noreferrer\">BastaMag<\/a>\u00a0: \u00ab La libert\u00e9 de consommer est une illusion bien cher pay\u00e9e \u00bb<\/li>\n<\/ul>\n<p><strong>Vid\u00e9os :<\/strong><\/p>\n<ul>\n<li><a href=\"https:\/\/www.youtube.com\/watch?v=-5PIyTI5q2U\">An Interview with Vincent Liegey on Degrowth<\/a>,\u00a0School of Public Policy at Central European University.<\/li>\n<li><a href=\"http:\/\/www.projet-decroissance.net\/?p=2019\" target=\"_blank\" rel=\"noopener noreferrer\">Itw \u00e0 l&rsquo;Alter JT<\/a>.<\/li>\n<li><a href=\"http:\/\/www.projet-decroissance.net\/?p=194\" target=\"_blank\" rel=\"noopener noreferrer\">10 entretiens film\u00e9s pour mieux comprendre la D\u00e9croissance Politique<\/a>.<\/li>\n<li><a title=\"Permalink to Vincent Liegey: Degrowth, Decolonising our imaginary\u2026\" href=\"http:\/\/www.youtube.com\/watch?v=RBU0vq-c4c0&amp;feature=player_embedded\" target=\"_blank\" rel=\"bookmark noopener noreferrer\">Vincent Liegey: Degrowth, Decolonising our imaginary\u2026<\/a><\/li>\n<li><a href=\"http:\/\/vimeo.com\/14288450\">D\u00e9croissance : Hommage \u00e0 Nicholas Georgescu-Roegen<\/a>.<\/li>\n<\/ul>\n<p><strong>Radio :<\/strong><\/p>\n<ul>\n<li><a href=\"http:\/\/www.projet-decroissance.net\/?p=930\" target=\"_blank\" rel=\"noopener noreferrer\">Un Projet de D\u00e9croissance sur France Culture<\/a>\u00a0: Terre \u00e0 Terre, avec Vincent Liegey.<\/li>\n<li><a title=\"\u00ab Un projet de d\u00e9croissance \u00bb sur Radio France Internationale (RFI), interview de Vincent Liegey par Christine Siebert\" href=\"http:\/\/www.projet-decroissance.net\/?p=1081\">\u00ab Un projet de d\u00e9croissance \u00bb sur Radio France Internationale (RFI), interview de Vincent Liegey<\/a>.<\/li>\n<li><a title=\"\u00ab Un projet de d\u00e9croissance \u00bb sur Radio France Internationale (RFI), interview de Vincent Liegey par Christine Siebert\" href=\"https:\/\/www.youtube.com\/watch?v=a3CAa4XRVmI\">D\u00e9croissance &#8211; \u00ab\u00a0Une croissance infinie dans un monde fini n&rsquo;est pas possible.\u00a0\u00bb Interview de Vincent Liegey sur Sismique<\/a>.<\/li>\n<\/ul>\n<p><strong>Livres, articles :<\/strong><\/p>\n<ul>\n<li><a href=\"http:\/\/www.projet-decroissance.net\/?p=2243\" rel=\"bookmark\">Pour une \u00e9conomie non violente, la D\u00e9croissance<\/a>, article publi\u00e9 chez Les Amis de la Terre, d\u00e9cembre 2015.<\/li>\n<li><a href=\"http:\/\/www.projet-decroissance.net\/?p=2229\" rel=\"bookmark\">\u00ab\u00a0Un Projet de D\u00e9croissance\u00a0\u00bb valid\u00e9 par un mod\u00e8le scientifique ?<\/a>, projet de recherche dans le cadre d&rsquo;une th\u00e8se, septembre 2015.<\/li>\n<li><a href=\"http:\/\/www.projet-decroissance.net\/?p=2089\" rel=\"bookmark\">La D\u00e9croissance, une vision pour des soci\u00e9t\u00e9s plus justes et plus sobres<\/a>,\u00a0Article publi\u00e9 dans le n\u00b014 des Nouveaux cahiers du socialisme, revue canadienne, automne 2015.<\/li>\n<li><a href=\"http:\/\/www.projet-decroissance.net\/?p=2160\" rel=\"bookmark\">La D\u00e9croissance, quelles strat\u00e9gies, propositions et limites ?<\/a>,\u00a0Revue Francophone du D\u00e9veloppement Durable, n\u00b03, mars 2014.<\/li>\n<li><a href=\"http:\/\/www.projet-decroissance.net\/\" target=\"_blank\" rel=\"noopener noreferrer\"><em>Un projet de d\u00e9croissance. Manifeste pour une dotation inconditionnel<\/em><\/a><a href=\"http:\/\/www.projet-decroissance.net\/\" target=\"_blank\" rel=\"noopener noreferrer\"><em>le d\u2019autonomie<\/em><\/a>, \u00e9ditions Utopia, 2013.<\/li>\n<li><a href=\"http:\/\/www.partipourladecroissance.net\/?p=7954\">Deux chapitres dans<em>\u00a0D\u00e9croissance ou r\u00e9cession &#8211; Pour une d\u00e9croissance de gauche<\/em>, sous la direction de Paul Ari\u00e8s, Parangon, juin 2012<\/a>.<\/li>\n<\/ul>\n<p><strong>Dans la presse \u00e9trang\u00e8re :<\/strong><\/p>\n<ul>\n<li>En Italie dans la Republicca :\u00a0<a href=\"http:\/\/www.repubblica.it\/ambiente\/2016\/08\/26\/news\/budapest_decrescita-146665077\/\">\u00ab\u00a0Basta consumismo, riappropriamoci del tempo\u00a0\u00bb. Budapest festeggia la decrescita<\/a><\/li>\n<li>En Espagne dans El Mundo :\u00a0<a href=\"http:\/\/www.elmundo.es\/economia\/2015\/05\/16\/5557246bca4741c82c8b4575.html\" target=\"_blank\" rel=\"noopener noreferrer\">Proyecto Decrecimiento in El Mundo<\/a><\/li>\n<li>En Hongrie dans 444.hu :\u00a0<a href=\"http:\/\/verde.444.hu\/2016\/08\/18\/interju-a-nemnovekedes-apostolaval\">\u00daj kommunizmus? Neo-hippimozgalom? Felh\u00edv\u00e1s kir\u00e1lyakaszt\u00e1sra? Mi az a nemn\u00f6veked\u00e9s?<\/a><\/li>\n<li>En Allemagne dans Taz! :\u00a0<a href=\"http:\/\/www.taz.de\/!5331572\/\">\u201eDer Planet hat Grenzen\u201c<\/a><\/li>\n<\/ul>\n<p><em>Cr\u00e9dit: Photo &#8211; Hu-lala.org, Budapest, septembre 2016.<\/em><\/p>\n","protected":false},"excerpt":{"rendered":"<p>Dipl\u00f4m\u00e9 ing\u00e9nieur g\u00e9n\u00e9raliste, Vincent Liegey a travaill\u00e9 dans la recherche \u00e0 la Nouvelle Orl\u00e9ans, dans la diplomatie et les coop\u00e9rations \u00e0 l&rsquo;Ambassade de France en Hongrie, il a aussi \u00e9t\u00e9 cadre s\u00e9curit\u00e9 ferroviaire \u00e0 la gare de Paris Austerlitz. Il &hellip; <a href=\"http:\/\/www.projet-decroissance.net\/?page_id=28\">Continuer la lecture <span class=\"meta-nav\">&rarr;<\/span><\/a><\/p>\n","protected":false},"author":2,"featured_media":0,"parent":24,"menu_order":0,"comment_status":"closed","ping_status":"open","template":"","meta":{"footnotes":""},"class_list":["post-28","page","type-page","status-publish","hentry"],"_links":{"self":[{"href":"http:\/\/www.projet-decroissance.net\/index.php?rest_route=\/wp\/v2\/pages\/28","targetHints":{"allow":["GET"]}}],"collection":[{"href":"http:\/\/www.projet-decroissance.net\/index.php?rest_route=\/wp\/v2\/pages"}],"about":[{"href":"http:\/\/www.projet-decroissance.net\/index.php?rest_route=\/wp\/v2\/types\/page"}],"author":[{"embeddable":true,"href":"http:\/\/www.projet-decroissance.net\/index.php?rest_route=\/wp\/v2\/users\/2"}],"replies":[{"embeddable":true,"href":"http:\/\/www.projet-decroissance.net\/index.php?rest_route=%2Fwp%2Fv2%2Fcomments&post=28"}],"version-history":[{"count":36,"href":"http:\/\/www.projet-decroissance.net\/index.php?rest_route=\/wp\/v2\/pages\/28\/revisions"}],"predecessor-version":[{"id":2641,"href":"http:\/\/www.projet-decroissance.net\/index.php?rest_route=\/wp\/v2\/pages\/28\/revisions\/2641"}],"up":[{"embeddable":true,"href":"http:\/\/www.projet-decroissance.net\/index.php?rest_route=\/wp\/v2\/pages\/24"}],"wp:attachment":[{"href":"http:\/\/www.projet-decroissance.net\/index.php?rest_route=%2Fwp%2Fv2%2Fmedia&parent=28"}],"curies":[{"name":"wp","href":"https:\/\/api.w.org\/{rel}","templated":true}]}}