{"id":444,"date":"2012-11-29T19:47:40","date_gmt":"2012-11-29T19:47:40","guid":{"rendered":"http:\/\/www.projet-decroissance.net\/?page_id=444"},"modified":"2012-12-29T19:52:40","modified_gmt":"2012-12-29T19:52:40","slug":"la-decroissance-et-les-retraites-le-pas-de-cote","status":"publish","type":"page","link":"http:\/\/www.projet-decroissance.net\/?page_id=444","title":{"rendered":"La D\u00e9croissance et les retraites : le pas de c\u00f4t\u00e9 !"},"content":{"rendered":"<p style=\"text-align: right;\"><img loading=\"lazy\" decoding=\"async\" class=\"alignleft\" alt=\"\" src=\"http:\/\/www.partipourladecroissance.net\/wp-content\/uploads\/2008\/12\/logo-ppld.gif\" width=\"118\" height=\"68\" \/><\/p>\n<p><strong>Une grande partie des fran\u00e7ais s\u2019oppose \u00e0 la r\u00e9forme des retraites entreprise par le gouvernement de M. Fillon. <\/strong>Les importantes manifestations du 7 septembre 2010 en attestent. Tout comme elles prouvent l\u2019exasp\u00e9ration \u00e0 l\u2019\u00e9gard de la politique dict\u00e9e par le Pr\u00e9sident de la R\u00e9publique qui n\u2019en finit pas de remettre en question le partage des richesses en France.<\/p>\n<p><em><strong>Le Parti Pour La D\u00e9croissance soutient et participe \u00e0 ce mouvement de contestation et s\u2019oppose \u00e0 cet <span style=\"color: #339999;\"><span style=\"color: #000000;\">\u00e9ni\u00e8me<\/span><\/span> recul social.<\/strong><\/em><\/p>\n<div>\n<p><strong>La d\u00e9fensive puis le pas de c\u00f4t\u00e9\u00a0!<!--more--><\/strong><\/p>\n<\/div>\n<p>Le syst\u00e8me de retraite par r\u00e9partition a \u00e9t\u00e9, \u00e0 l\u2019\u00e9poque de sa mise en \u0153uvre, une formidable avanc\u00e9e, constituant un acquis social majeur. Toutefois, cet acquis s\u2019inscrivait dans une vision productiviste de la soci\u00e9t\u00e9. Nous sommes conscients que la r\u00e9forme en cours aggrave les in\u00e9galit\u00e9s, mais pour nous, ce combat n\u2019est pas suffisant pour sortir de l\u2019impasse anthropologique dans laquelle nous am\u00e8ne toujours plus vite la soci\u00e9t\u00e9 de croissance.<\/p>\n<div>\n<p>C\u2019est pourquoi, une fois le retrait de ce projet de loi obtenu, nous souhaitons aller plus loin et ouvrir le d\u00e9bat sur notre organisation sociale, la place du travail dans la soci\u00e9t\u00e9, les relations interg\u00e9n\u00e9rationnelles et le sens \u00e0 donner \u00e0 nos vies.<!--more-->Devon<span style=\"color: #000000;\">s-n<\/span>ous attendre la retraite pour pouvoir enfin \u00ab\u00a0<em>vivre notre vie<\/em>\u00a0\u00bb , ou pir<span style=\"color: #000000;\">e, n<\/span>ous retirer de la vie sociale\u00a0organis\u00e9e autour du travail ? Devons-nous ignorer ces personnes \u00e2g\u00e9es en retraite qui, pour beaucoup, peinent \u00e0 vivre dans notre soci\u00e9t\u00e9, trop souvent ignor\u00e9es, seules, fatigu\u00e9es par les exigences de la vie productiviste qui les a us\u00e9es autant physiquement que psychiquement\u00a0? Devons-nous ignorer l\u2019injustice de ce syst\u00e8me de retraite laissant notamment de c\u00f4t\u00e9 les femmes ?<\/p>\n<p><strong>Le financement des retraites : un faux probl\u00e8me\u00a0!<\/strong><\/p>\n<\/div>\n<p>La question du financement des retraites,\u00a0 <span style=\"color: #339999;\"><span style=\"color: #000000;\">r\u00e9p\u00e9t\u00e9e sans cesse<\/span> <\/span>par les m\u00e9dias, les \u00e9conomistes et les politiques dominants, est <span style=\"color: #000000;\">consid\u00e9r\u00e9e<\/span> comme <span style=\"color: #339999;\"><span style=\"color: #000000;\">u<\/span><span style=\"color: #000000;\">n obstacle<\/span> <\/span>incontournable par beaucoup de nos concitoyens dont les imaginaires sont colonis\u00e9s par la religion de l\u2019\u00e9conomie.<br \/>\n<span style=\"color: #339999;\"><span style=\"color: #000000;\">De m\u00eame que <\/span><\/span>pour la question des dettes priv\u00e9es et publiques, il faut rappeler le faux probl\u00e8me <span style=\"color: #339999;\"><span style=\"color: #000000;\">que constitue le<\/span> <\/span>financement des retraites et l\u2019imposture de la cr\u00e9ation mon\u00e9taire<span style=\"color: #339999;\"> <span style=\"color: #000000;\">(<a href=\"..\/?s=argent+dette\" target=\"_blank\">L\u2019argent-dette<\/a>)<\/span><\/span>. De fait, il est illusoire de croire que l\u2019on trouvera le financement n\u00e9cessaire pour ces retraites, tout comme le remboursement des dettes accumul\u00e9es, gr\u00e2ce \u00e0 la sacro-sainte Croissance, et encore moins en restant dans le syst\u00e8me \u00e9conomique actuel. Au contraire, seule une sortie de l\u2019\u00e9conomie productiviste, g\u00e9n\u00e9ratrice d\u2019in\u00e9galit\u00e9s, pourra permettre une r\u00e9appropriation de nos choix de vie et par l\u00e0 m\u00eame, la transition vers des modes de vie soutenables et souhaitables.<\/p>\n<p><strong>Une proposition : la DIA ?<\/strong><\/p>\n<div>Nous proposons d\u2019ouvrir le d\u00e9bat de la mise en place d\u2019une \u00ab dotation \u00bb inconditionnelle d\u2019autonomie, accord\u00e9e \u00e0 tous les \u00e2ges de la vie pour que vivre d\u00e9cemment et dignement ne soit pas li\u00e9 \u00e0 une activit\u00e9 r\u00e9mun\u00e9r\u00e9e pass\u00e9e ou pr\u00e9sente. Celle-ci s&rsquo;accompagnerait obligatoirement d&rsquo;un Revenu Maximal autoris\u00e9 (RMA) dont le plafond devra \u00eatre discut\u00e9 d\u00e9mocratiquement\u00a0 dans l&rsquo;optique de lutter contre les \u00e9carts de revenu, parce que la D\u00e9croissance en politique vise bien la d\u00e9croissance des in\u00e9galit\u00e9s et, aussi, pour r\u00e9duire l&rsquo;impact \u00e9cologique des plus riches, \u00e9viter de scandaleux gaspillages et d&rsquo;outranci\u00e8res pratiques.<\/div>\n<p>L\u2019octroi d\u2019une <a href=\"..\/?p=4144\" target=\"_blank\">Dotation Inconditionnelle d\u2019Autonomie (DIA)<\/a>, \u00e0 condition que celle-ci ne soit pas vers\u00e9e uniquement en euros mais aussi en droits de tirage et d\u2019acc\u00e8s ainsi qu\u2019en monnaies locales fondantes, peut \u00eatre un outil formidable pour <span style=\"color: #339999;\"><span style=\"color: #000000;\">soustraire<\/span> <\/span>du capitalisme ce que d\u00e9mocratiquement nous consid\u00e9rons comme relevant de droits humains tels que l\u2019acc\u00e8s \u00e0 un logement, \u00e0 l\u2019eau, \u00e0 la nourriture, \u00e0 la sant\u00e9 ou encore \u00e0 la culture et \u00e0 l\u2019\u00e9ducation.<\/p>\n<div>\n<p>De m\u00eame, cette dotation peut permettre de relocaliser un certain nombre d\u2019activit\u00e9s soutenables et socialement souhaitables \u00e0 travers des alternatives concr\u00e8tes et la mise en place de monnaies locales. Enfin, elle peut \u00eatre un levier efficace d\u2019\u00e9mancipation en nous lib\u00e9rant de l\u2019asservissement \u00e0 la centralit\u00e9 de la valeur travail et en lib\u00e9rant du temps de cerveaux disponible pour redonner du sens \u00e0 nos vies.<\/p>\n<p><strong>Vers une D\u00e9croissance soutenable, sereine et conviviale<\/strong><\/p>\n<\/div>\n<p>La question n\u2019est donc pas seulement l\u2019\u00e2ge de la retraite ni celle de son financement mais plut\u00f4t une remise en question de toute l\u2019organisation sociale de nos soci\u00e9t\u00e9s capitalistes, productivistes et consum\u00e9ristes. Il s\u2019agit de se demander qu\u2019<span style=\"color: #000000;\">est-ce<\/span> que l\u2018on produit, comment on le produit et pour quel usage ?<\/p>\n<p>Redonner du sens, red\u00e9finir une \u00e9chelle des valeurs qui ne soit pas mon\u00e9taire, <span style=\"color: #339999;\"><span style=\"color: #000000;\">d\u00e9terminer<\/span> <\/span>nos besoins, ma\u00eetriser l\u2019impact de nos modes de vies sur les autres et l\u2019environnement, repenser nos relations sociales<span style=\"color: #339999;\"><span style=\"color: #000000;\">quels que soient nos \u00e2ges<\/span><\/span>. Tels sont les d\u00e9fis de la D\u00e9croissance. Une Dotation Inconditionnelle d\u2019Autonomie ne serait-elle pas une des solutions \u00e0 explorer ?<\/p>\n<p style=\"text-align: right;\"><em>Vivre dignement est plus qu\u2019un droit pour le citoyen, <span style=\"color: #339999;\"><span style=\"color: #000000;\">c&rsquo;est <\/span><\/span>un devoir pour notre soci\u00e9t\u00e9<span style=\"color: #339999;\">.<\/span><\/em><\/p>\n<p style=\"text-align: right;\">Publi\u00e9 en octobre 2012<\/p>\n<p style=\"text-align: left;\">Sur le m\u00eame th\u00e8me :\u00a0<a href=\"http:\/\/www.projet-decroissance.net\/?p=441\">Les retraites : soutenir le mouvement, et apr\u00e8s ?<\/a><\/p>\n<p style=\"text-align: left;\">\u00a0 \u00a0 \u00a0 \u00a0 \u00a0 \u00a0 \u00a0 \u00a0 \u00a0 \u00a0 \u00a0 \u00a0 \u00a0 \u00a0 \u00a0 \u00a0 \u00a0 \u00a0 \u00a0\u00a0<a href=\"http:\/\/www.projet-decroissance.net\/?p=447\">Retraites : participer au combat &amp; aller plus loin<\/a><\/p>\n","protected":false},"excerpt":{"rendered":"<p>Une grande partie des fran\u00e7ais s\u2019oppose \u00e0 la r\u00e9forme des retraites entreprise par le gouvernement de M. Fillon. Les importantes manifestations du 7 septembre 2010 en attestent. Tout comme elles prouvent l\u2019exasp\u00e9ration \u00e0 l\u2019\u00e9gard de la politique dict\u00e9e par le &hellip; <a href=\"http:\/\/www.projet-decroissance.net\/?page_id=444\">Continuer la lecture <span class=\"meta-nav\">&rarr;<\/span><\/a><\/p>\n","protected":false},"author":4,"featured_media":0,"parent":0,"menu_order":0,"comment_status":"closed","ping_status":"open","template":"","meta":{"footnotes":""},"class_list":["post-444","page","type-page","status-publish","hentry"],"_links":{"self":[{"href":"http:\/\/www.projet-decroissance.net\/index.php?rest_route=\/wp\/v2\/pages\/444","targetHints":{"allow":["GET"]}}],"collection":[{"href":"http:\/\/www.projet-decroissance.net\/index.php?rest_route=\/wp\/v2\/pages"}],"about":[{"href":"http:\/\/www.projet-decroissance.net\/index.php?rest_route=\/wp\/v2\/types\/page"}],"author":[{"embeddable":true,"href":"http:\/\/www.projet-decroissance.net\/index.php?rest_route=\/wp\/v2\/users\/4"}],"replies":[{"embeddable":true,"href":"http:\/\/www.projet-decroissance.net\/index.php?rest_route=%2Fwp%2Fv2%2Fcomments&post=444"}],"version-history":[{"count":1,"href":"http:\/\/www.projet-decroissance.net\/index.php?rest_route=\/wp\/v2\/pages\/444\/revisions"}],"predecessor-version":[{"id":449,"href":"http:\/\/www.projet-decroissance.net\/index.php?rest_route=\/wp\/v2\/pages\/444\/revisions\/449"}],"wp:attachment":[{"href":"http:\/\/www.projet-decroissance.net\/index.php?rest_route=%2Fwp%2Fv2%2Fmedia&parent=444"}],"curies":[{"name":"wp","href":"https:\/\/api.w.org\/{rel}","templated":true}]}}